{"id":2288,"date":"2015-12-20T19:47:21","date_gmt":"2015-12-20T18:47:21","guid":{"rendered":"http:\/\/erreniegaip.educacion.navarra.es\/web\/es\/?page_id=2288"},"modified":"2022-03-24T10:36:54","modified_gmt":"2022-03-24T09:36:54","slug":"natacion","status":"publish","type":"page","link":"https:\/\/erreniegaip.educacion.navarra.es\/web\/es\/natacion\/","title":{"rendered":"Nataci\u00f3n"},"content":{"rendered":"<p><img loading=\"lazy\" class=\"aligncenter size-full wp-image-5101\" src=\"https:\/\/erreniegaip.educacion.navarra.es\/web\/wp-content\/uploads\/2022\/03\/igeriketa-moztuta.png\" alt=\"\" width=\"1524\" height=\"516\" srcset=\"https:\/\/erreniegaip.educacion.navarra.es\/web\/wp-content\/uploads\/2022\/03\/igeriketa-moztuta.png 1524w, https:\/\/erreniegaip.educacion.navarra.es\/web\/wp-content\/uploads\/2022\/03\/igeriketa-moztuta-300x102.png 300w, https:\/\/erreniegaip.educacion.navarra.es\/web\/wp-content\/uploads\/2022\/03\/igeriketa-moztuta-1024x347.png 1024w, https:\/\/erreniegaip.educacion.navarra.es\/web\/wp-content\/uploads\/2022\/03\/igeriketa-moztuta-768x260.png 768w\" sizes=\"(max-width: 1524px) 100vw, 1524px\" \/><\/p>\n<p style=\"text-align: left;\">La campa\u00f1a est\u00e1 dirigida al alumnado de 2\u00ba y 3\u00ba de Educaci\u00f3n Primaria y es una actividad que se realiza dentro del horario escolar.<\/p>\n<p style=\"text-align: left;\">Los alumnos y alumnas acuden a la piscina, una vez a la semana, acompa\u00f1ados del profesor\/a de Educaci\u00f3n F\u00edsica. La sesi\u00f3n de media hora se realiza bajo la supervisi\u00f3n de dos monitores.<\/p>\n<p style=\"text-align: left;\">En dos temporadas la inmensa mayor\u00eda de los participantes consigue como m\u00ednimo un nivel b\u00e1sico de dominio del agua.<\/p>\n","protected":false},"excerpt":{"rendered":"<p>La campa\u00f1a est\u00e1 dirigida al alumnado de 2\u00ba y 3\u00ba de Educaci\u00f3n Primaria y es una actividad que se realiza dentro del horario escolar. Los alumnos y alumnas acuden a la piscina, una vez a la semana, acompa\u00f1ados del profesor\/a de Educaci\u00f3n F\u00edsica. La sesi\u00f3n de media hora se realiza bajo la supervisi\u00f3n de dos [&hellip;]<\/p>\n","protected":false},"author":1,"featured_media":0,"parent":0,"menu_order":0,"comment_status":"closed","ping_status":"closed","template":"","meta":{"_genesis_hide_title":false,"_genesis_hide_breadcrumbs":false,"_genesis_hide_singular_image":false,"_genesis_hide_footer_widgets":false,"_genesis_custom_body_class":"","_genesis_custom_post_class":"","_genesis_layout":"full-width-content"},"_links":{"self":[{"href":"https:\/\/erreniegaip.educacion.navarra.es\/web\/es\/wp-json\/wp\/v2\/pages\/2288"}],"collection":[{"href":"https:\/\/erreniegaip.educacion.navarra.es\/web\/es\/wp-json\/wp\/v2\/pages"}],"about":[{"href":"https:\/\/erreniegaip.educacion.navarra.es\/web\/es\/wp-json\/wp\/v2\/types\/page"}],"author":[{"embeddable":true,"href":"https:\/\/erreniegaip.educacion.navarra.es\/web\/es\/wp-json\/wp\/v2\/users\/1"}],"replies":[{"embeddable":true,"href":"https:\/\/erreniegaip.educacion.navarra.es\/web\/es\/wp-json\/wp\/v2\/comments?post=2288"}],"version-history":[{"count":9,"href":"https:\/\/erreniegaip.educacion.navarra.es\/web\/es\/wp-json\/wp\/v2\/pages\/2288\/revisions"}],"predecessor-version":[{"id":5104,"href":"https:\/\/erreniegaip.educacion.navarra.es\/web\/es\/wp-json\/wp\/v2\/pages\/2288\/revisions\/5104"}],"wp:attachment":[{"href":"https:\/\/erreniegaip.educacion.navarra.es\/web\/es\/wp-json\/wp\/v2\/media?parent=2288"}],"curies":[{"name":"wp","href":"https:\/\/api.w.org\/{rel}","templated":true}]}}